{"id":7211,"date":"2021-08-05T13:40:13","date_gmt":"2021-08-05T13:40:13","guid":{"rendered":"https:\/\/deccore.com.br\/loja\/?post_type=product&#038;p=7211"},"modified":"2022-04-01T16:53:32","modified_gmt":"2022-04-01T16:53:32","slug":"conheca-o-artista-plastico-alexandre-rodrigues","status":"publish","type":"product","link":"https:\/\/deccore.com.br\/loja\/product\/conheca-o-artista-plastico-alexandre-rodrigues\/","title":{"rendered":"CONHE\u00c7A O ARTISTA PL\u00c1STICO ALEXANDRE RODRIGUES"},"content":{"rendered":"","protected":false},"excerpt":{"rendered":"<p class=\"western\" align=\"left\"><span style=\"color: #000000;\"><span style=\"font-family: Roboto, sans-serif;\"><span style=\"font-size: large;\">O <\/span><\/span><\/span><span style=\"color: #000000;\"><span style=\"font-family: Roboto, sans-serif;\"><span style=\"font-size: large;\">Artista Pl\u00e1stico<\/span><\/span><\/span> <span style=\"color: #c9211e;\"><span style=\"font-family: Roboto, sans-serif;\"><span style=\"font-size: large;\">Alexandre Rodrigues<\/span><\/span><\/span> <span style=\"color: #000000;\"><span style=\"font-family: Roboto, sans-serif;\"><span style=\"font-size: large;\">\u00e9 uma pessoa envolvente, de alma quente e um entusiasta do mundo, do ser humano, da cultura e da arte. Sua presen\u00e7a incendeia facilmente personalidades e cria um mar de percep\u00e7\u00f5es que afloram as mais sens\u00edveis emo\u00e7\u00f5es.<\/span><\/span><\/span><\/p>\n<p class=\"western\" align=\"left\"><span style=\"color: #000000; font-family: Roboto, sans-serif; font-size: large;\">Nascido em 26 de abril de 1966 em Sorocaba, SP e mora em Curitiba desde os seus 15 anos. Graduado em Desenho Art\u00edstico pelo Instituto de Desenho do Paran\u00e1, membro da Academia Nacional de Artistas Pl\u00e1sticos, \u00e9 verbete do Dicion\u00e1rio Brasileiro de Artes Pl\u00e1sticas J\u00falio Louzada (edi\u00e7\u00f5es, 1998, 1999, 2000, 2001) e \u00e9 formado em coaching com o curso \u201cArte Terapia\u201d pela Udemy Academy \u2013 Academia Internacional da Vida Coaching e Empreendedorismo, . Em 2001, atrav\u00e9s de sua obra \u201cA Luz da Consci\u00eancia\u201d, seu nome foi citado no livro Christ For All People, que re\u00fane os melhores trabalhos da arte sacra do s\u00e9culo XX, publicado nos Estados Unidos, em edi\u00e7\u00f5es especiais para toda a Europa, Indon\u00e9sia, Nova Zel\u00e2ndia e Canad\u00e1. Alexandre Rodrigues consagrou-se entre os grandes mestres da arte com a premiada tela \u201cA Luz da Consci\u00eancia\u201d junto com as obras de Rembrandt, Pablo Picasso, Michelangelo, Chagal e Rafael S\u00e2nzio.<\/span><\/p>\n","protected":false},"featured_media":7212,"template":"","meta":[],"product_brand":[],"product_cat":[15,63,93,92],"product_tag":[],"class_list":{"0":"post-7211","1":"product","2":"type-product","3":"status-publish","4":"has-post-thumbnail","6":"product_cat-uncategorized","7":"product_cat-decoracoes","8":"product_cat-obras-de-arte","9":"product_cat-telas","11":"first","12":"instock","13":"shipping-taxable","14":"product-type-simple"},"_links":{"self":[{"href":"https:\/\/deccore.com.br\/loja\/wp-json\/wp\/v2\/product\/7211","targetHints":{"allow":["GET"]}}],"collection":[{"href":"https:\/\/deccore.com.br\/loja\/wp-json\/wp\/v2\/product"}],"about":[{"href":"https:\/\/deccore.com.br\/loja\/wp-json\/wp\/v2\/types\/product"}],"version-history":[{"count":2,"href":"https:\/\/deccore.com.br\/loja\/wp-json\/wp\/v2\/product\/7211\/revisions"}],"predecessor-version":[{"id":7214,"href":"https:\/\/deccore.com.br\/loja\/wp-json\/wp\/v2\/product\/7211\/revisions\/7214"}],"wp:featuredmedia":[{"embeddable":true,"href":"https:\/\/deccore.com.br\/loja\/wp-json\/wp\/v2\/media\/7212"}],"wp:attachment":[{"href":"https:\/\/deccore.com.br\/loja\/wp-json\/wp\/v2\/media?parent=7211"}],"wp:term":[{"taxonomy":"product_brand","embeddable":true,"href":"https:\/\/deccore.com.br\/loja\/wp-json\/wp\/v2\/product_brand?post=7211"},{"taxonomy":"product_cat","embeddable":true,"href":"https:\/\/deccore.com.br\/loja\/wp-json\/wp\/v2\/product_cat?post=7211"},{"taxonomy":"product_tag","embeddable":true,"href":"https:\/\/deccore.com.br\/loja\/wp-json\/wp\/v2\/product_tag?post=7211"}],"curies":[{"name":"wp","href":"https:\/\/api.w.org\/{rel}","templated":true}]}}